{"id":10905,"date":"2024-12-17T04:38:39","date_gmt":"2024-12-17T04:38:39","guid":{"rendered":"https:\/\/www.mediconanet.pt\/?page_id=10905"},"modified":"2026-01-29T17:28:33","modified_gmt":"2026-01-29T17:28:33","slug":"about-us","status":"publish","type":"page","link":"https:\/\/staging.mediconanet.pt\/en\/sobre-nos\/","title":{"rendered":"About Us"},"content":{"rendered":"\t\t<div data-elementor-type=\"wp-page\" data-elementor-id=\"10905\" class=\"elementor elementor-10905\" data-elementor-post-type=\"page\">\n\t\t\t\t\t\t<section class=\"elementor-section elementor-top-section elementor-element elementor-element-6dc72b3 elementor-section-content-top elementor-section-stretched elementor-section-boxed elementor-section-height-default elementor-section-height-default\" data-id=\"6dc72b3\" data-element_type=\"section\" data-e-type=\"section\" data-settings=\"{&quot;stretch_section&quot;:&quot;section-stretched&quot;,&quot;background_background&quot;:&quot;classic&quot;}\">\n\t\t\t\t\t\t<div class=\"elementor-container elementor-column-gap-no\">\n\t\t\t\t\t<div class=\"elementor-column elementor-col-50 elementor-top-column elementor-element elementor-element-c296a49\" data-id=\"c296a49\" data-element_type=\"column\" data-e-type=\"column\" data-settings=\"{&quot;animation&quot;:&quot;none&quot;}\">\n\t\t\t<div class=\"elementor-widget-wrap elementor-element-populated\">\n\t\t\t\t\t\t<div class=\"elementor-element elementor-element-32dfa90 elementor-widget elementor-widget-heading\" data-id=\"32dfa90\" data-element_type=\"widget\" data-e-type=\"widget\" data-widget_type=\"heading.default\">\n\t\t\t\t\t<h2 class=\"elementor-heading-title elementor-size-default\">Apaixonados por Medicina.<br>Sempre presentes!<\/h2>\t\t\t\t<\/div>\n\t\t\t\t<div class=\"elementor-element elementor-element-ca6f171 elementor-widget elementor-widget-text-editor\" data-id=\"ca6f171\" data-element_type=\"widget\" data-e-type=\"widget\" data-widget_type=\"text-editor.default\">\n\t\t\t\t\t\t\t\t\t<p><span style=\"font-weight: 400;\">Sem call centers, sem respostas autom\u00e1ticas. Sem intelig\u00eancia artificial. Apenas M\u00e9dicos experientes.<\/span><\/p>\t\t\t\t\t\t\t\t<\/div>\n\t\t\t\t\t<\/div>\n\t\t<\/div>\n\t\t\t\t<div class=\"elementor-column elementor-col-50 elementor-top-column elementor-element elementor-element-709203b\" data-id=\"709203b\" data-element_type=\"column\" data-e-type=\"column\" data-settings=\"{&quot;animation&quot;:&quot;none&quot;}\">\n\t\t\t<div class=\"elementor-widget-wrap elementor-element-populated\">\n\t\t\t\t\t\t<div class=\"elementor-element elementor-element-39a928b elementor-widget elementor-widget-image\" data-id=\"39a928b\" data-element_type=\"widget\" data-e-type=\"widget\" data-widget_type=\"image.default\">\n\t\t\t\t\t\t\t\t\t\t\t\t\t\t\t<img fetchpriority=\"high\" decoding=\"async\" width=\"1024\" height=\"919\" src=\"https:\/\/staging.mediconanet.pt\/wp-content\/uploads\/2024\/12\/Sobre-nos-medico-e-enfermeira.webp\" class=\"attachment-full size-full wp-image-11095\" alt=\"Sobre nos medico e enfermeira\" srcset=\"https:\/\/staging.mediconanet.pt\/wp-content\/uploads\/2024\/12\/Sobre-nos-medico-e-enfermeira.webp 1024w, https:\/\/staging.mediconanet.pt\/wp-content\/uploads\/2024\/12\/Sobre-nos-medico-e-enfermeira-300x269.webp 300w, https:\/\/staging.mediconanet.pt\/wp-content\/uploads\/2024\/12\/Sobre-nos-medico-e-enfermeira-768x689.webp 768w, https:\/\/staging.mediconanet.pt\/wp-content\/uploads\/2024\/12\/Sobre-nos-medico-e-enfermeira-13x12.webp 13w, https:\/\/staging.mediconanet.pt\/wp-content\/uploads\/2024\/12\/Sobre-nos-medico-e-enfermeira-600x538.webp 600w\" sizes=\"(max-width: 1024px) 100vw, 1024px\" \/>\t\t\t\t\t\t\t\t\t\t\t\t\t\t\t<\/div>\n\t\t\t\t<div class=\"elementor-element elementor-element-0036e71 elementor-widget-mobile__width-initial elementor-widget elementor-widget-html\" data-id=\"0036e71\" data-element_type=\"widget\" data-e-type=\"widget\" data-widget_type=\"html.default\">\n\t\t\t\t\t<div style=\"text-align: left;\">\r\n  <!-- TrustBox widget - Mini -->\r\n  <div class=\"trustpilot-widget\" data-locale=\"pt-PT\" data-template-id=\"53aa8807dec7e10d38f59f32\" data-businessunit-id=\"68aecfc4e9dab32fe8f2827e\" data-style-height=\"150px\" data-style-width=\"100%\" data-token=\"3523f43d-eeca-4413-bbb0-a7e674bff4e6\">\r\n    <a href=\"https:\/\/pt.trustpilot.com\/review\/mediconanet.pt\" target=\"_blank\" rel=\"noopener nofollow\">Trustpilot<\/a>\r\n  <\/div>\r\n  <!-- End TrustBox widget -->\r\n<\/div>\r\n\t\t\t\t<\/div>\n\t\t\t\t\t<\/div>\n\t\t<\/div>\n\t\t\t\t\t<\/div>\n\t\t<\/section>\n\t\t\t\t<section class=\"elementor-section elementor-top-section elementor-element elementor-element-6489a76 elementor-section-boxed elementor-section-height-default elementor-section-height-default\" data-id=\"6489a76\" data-element_type=\"section\" data-e-type=\"section\" data-settings=\"{&quot;animation&quot;:&quot;none&quot;,&quot;background_background&quot;:&quot;classic&quot;}\">\n\t\t\t\t\t\t<div class=\"elementor-container elementor-column-gap-no\">\n\t\t\t\t\t<div class=\"elementor-column elementor-col-100 elementor-top-column elementor-element elementor-element-b1972ba\" data-id=\"b1972ba\" data-element_type=\"column\" data-e-type=\"column\">\n\t\t\t<div class=\"elementor-widget-wrap elementor-element-populated\">\n\t\t\t\t\t\t<div class=\"elementor-element elementor-element-6372a0de elementor-widget elementor-widget-text-editor\" data-id=\"6372a0de\" data-element_type=\"widget\" data-e-type=\"widget\" data-widget_type=\"text-editor.default\">\n\t\t\t\t\t\t\t\t\t<p>O site Mediconanet.pt nasce de uma combina\u00e7\u00e3o de <strong>experi\u00eancia, percep\u00e7\u00e3o e inova\u00e7\u00e3o.<\/strong><\/p><p>\u00c9 um conceito de servi\u00e7os de sa\u00fade, que j\u00e1 existe em v\u00e1rios pa\u00edses e que agora adaptamos \u00e0 realidade de Portugal.<\/p><p>Os fundadores deste projeto acumulam mais de 20 anos de experi\u00eancia em cuidados de sa\u00fade prim\u00e1rios, tendo trabalhado tanto no Servi\u00e7o Nacional de Sa\u00fade (SNS) como no setor privado, em Portugal e em outros pa\u00edses da Europa.<\/p><p>Com base nesta experi\u00eancia, especialmente na \u00e1rea da Medicina \u00e0 Dist\u00e2ncia, desenvolvemos v\u00e1rias propostas de servi\u00e7os inovadores.<\/p><p>Entendemos que uma grande parte dos problemas de sa\u00fade pode ser solucionada de forma r\u00e1pida e f\u00e1cil. Nem todos os casos requerem a complexidade de uma consulta presencial, o inc\u00f3modo de desloca\u00e7\u00e3o a um servi\u00e7o de urg\u00eancia ou a realiza\u00e7\u00e3o de diversos exames de diagn\u00f3stico.<\/p><p><span style=\"font-weight: 400;\">\u00c0s vezes s\u00f3 precisamos de uma a\u00e7\u00e3o breve de um M\u00e9dico.<\/span><\/p><p><span style=\"font-weight: 400; color: #2b9b9f;\"><b>\u00c0s vezes s\u00f3 precisamos de rapidez. E seguran\u00e7a. E discri\u00e7\u00e3o.<\/b><\/span><\/p><p>Na Medico na Net, acreditamos que a sua sa\u00fade merece aten\u00e7\u00e3o personalizada. Por isso, colocamos o seu problema de sa\u00fade nas m\u00e3os de um pro\ufb01ssional experiente, o mais r\u00e1pido poss\u00edvel. Nada de call centers, respostas autom\u00e1ticas ou intelig\u00eancia arti\ufb01cial. Apenas o acompanhamento dedicado dos nossos M\u00e9dicos.<\/p><p>A rapidez do nosso servi\u00e7o \u00e9 garantida por consultas apoiadas em question\u00e1rios elaborados e revistos por m\u00e9dicos, que permitem uma triagem individualizada. Caso o nosso servi\u00e7o n\u00e3o seja seguro ou adequado para si, receber\u00e1 sempre um plano de a\u00e7\u00e3o alternativo.<\/p>\t\t\t\t\t\t\t\t<\/div>\n\t\t\t\t\t<\/div>\n\t\t<\/div>\n\t\t\t\t\t<\/div>\n\t\t<\/section>\n\t\t<div class=\"elementor-element elementor-element-db7a6bd equipa e-flex e-con-boxed e-con e-parent\" data-id=\"db7a6bd\" data-element_type=\"container\" data-e-type=\"container\" id=\"equipa\" data-settings=\"{&quot;background_background&quot;:&quot;classic&quot;}\">\n\t\t\t\t\t<div class=\"e-con-inner\">\n\t\t\t\t<div class=\"elementor-element elementor-element-ab2a037 elementor-widget elementor-widget-heading\" data-id=\"ab2a037\" data-element_type=\"widget\" data-e-type=\"widget\" data-widget_type=\"heading.default\">\n\t\t\t\t\t<h2 class=\"elementor-heading-title elementor-size-default\">Conhe\u00e7a a nossa Equipa M\u00e9dica<\/h2>\t\t\t\t<\/div>\n\t\t\t\t<div class=\"elementor-element elementor-element-6695dfe elementor-arrows-position-outside elementor-pagination-type-bullets elementor-pagination-position-outside elementor-widget elementor-widget-n-carousel\" data-id=\"6695dfe\" data-element_type=\"widget\" data-e-type=\"widget\" data-settings=\"{&quot;carousel_items&quot;:[{&quot;slide_title&quot;:&quot;Dr. Igor Faria&quot;,&quot;_id&quot;:&quot;5b5f881&quot;},{&quot;slide_title&quot;:&quot;Dra. Alexandra Azevedo&quot;,&quot;_id&quot;:&quot;4b6177f&quot;},{&quot;slide_title&quot;:&quot;Dra. Mafalda&quot;,&quot;_id&quot;:&quot;141de02&quot;},{&quot;slide_title&quot;:&quot;Dra. Joana Ara\\u00fajo&quot;,&quot;_id&quot;:&quot;a6b6371&quot;},{&quot;slide_title&quot;:&quot;Dra. Margarida Costa&quot;,&quot;_id&quot;:&quot;4bc9f83&quot;},{&quot;slide_title&quot;:&quot;Dra Sara Laureano Alves&quot;,&quot;_id&quot;:&quot;5185bce&quot;},{&quot;slide_title&quot;:&quot;Dra Ana Rita Fernandes&quot;,&quot;_id&quot;:&quot;9e1d93e&quot;}],&quot;slides_to_show_tablet&quot;:&quot;2&quot;,&quot;slides_to_show_mobile&quot;:&quot;1&quot;,&quot;autoplay&quot;:&quot;yes&quot;,&quot;autoplay_speed&quot;:5000,&quot;pause_on_hover&quot;:&quot;yes&quot;,&quot;pause_on_interaction&quot;:&quot;yes&quot;,&quot;infinite&quot;:&quot;yes&quot;,&quot;speed&quot;:500,&quot;offset_sides&quot;:&quot;none&quot;,&quot;arrows&quot;:&quot;yes&quot;,&quot;pagination&quot;:&quot;bullets&quot;,&quot;image_spacing_custom&quot;:{&quot;unit&quot;:&quot;px&quot;,&quot;size&quot;:10,&quot;sizes&quot;:[]},&quot;image_spacing_custom_tablet&quot;:{&quot;unit&quot;:&quot;px&quot;,&quot;size&quot;:&quot;&quot;,&quot;sizes&quot;:[]},&quot;image_spacing_custom_mobile&quot;:{&quot;unit&quot;:&quot;px&quot;,&quot;size&quot;:&quot;&quot;,&quot;sizes&quot;:[]}}\" data-widget_type=\"nested-carousel.default\">\n\t\t\t\t\t\t\t<div class=\"e-n-carousel swiper\" role=\"region\" aria-roledescription=\"carousel\" aria-label=\"Carousel\" dir=\"ltr\">\n\t\t\t<div class=\"swiper-wrapper\" aria-live=\"off\">\n\t\t\t\t\t\t\t\t\t\t<div class=\"swiper-slide\" data-slide=\"1\" role=\"group\" aria-roledescription=\"slide\" aria-label=\"1 of 7\">\n\t\t\t\t\t\t\t<div class=\"elementor-element elementor-element-ae48dd4 e-flex e-con-boxed e-con e-child\" data-id=\"ae48dd4\" data-element_type=\"container\" data-e-type=\"container\">\n\t\t\t\t\t<div class=\"e-con-inner\">\n\t\t<div class=\"elementor-element elementor-element-4af7f0a e-con-full e-flex e-con e-child\" data-id=\"4af7f0a\" data-element_type=\"container\" data-e-type=\"container\" data-settings=\"{&quot;background_background&quot;:&quot;classic&quot;}\">\n\t\t\t\t<div class=\"elementor-element elementor-element-b2c47be elementor-widget elementor-widget-image\" data-id=\"b2c47be\" data-element_type=\"widget\" data-e-type=\"widget\" data-widget_type=\"image.default\">\n\t\t\t\t\t\t\t\t\t\t\t\t\t\t\t<img decoding=\"async\" src=\"https:\/\/staging.mediconanet.pt\/wp-content\/uploads\/elementor\/thumbs\/Igor-Faria-1-r2pjov266rz91p8l86m5b9hi40ogxszxqcf7m7hymg.jpg\" title=\"Dr. Igor Faria\" alt=\"Dr. Igor Faria\" loading=\"lazy\" \/>\t\t\t\t\t\t\t\t\t\t\t\t\t\t\t<\/div>\n\t\t\t\t<div class=\"elementor-element elementor-element-fde67a0 elementor-widget elementor-widget-heading\" data-id=\"fde67a0\" data-element_type=\"widget\" data-e-type=\"widget\" data-widget_type=\"heading.default\">\n\t\t\t\t\t<h2 class=\"elementor-heading-title elementor-size-default\">Dr. Igor Faria\n<\/h2>\t\t\t\t<\/div>\n\t\t\t\t<div class=\"elementor-element elementor-element-2c514ec elementor-widget elementor-widget-text-editor\" data-id=\"2c514ec\" data-element_type=\"widget\" data-e-type=\"widget\" data-widget_type=\"text-editor.default\">\n\t\t\t\t\t\t\t\t\t<p><span style=\"font-weight: 400;\"><strong>Forma\u00e7\u00e3o:<\/strong> Faculdade de Medicina da Universidade do Porto<br \/><\/span><span style=\"font-weight: 400;\"><strong>N\u00ba ordem dos m\u00e9dicos:<\/strong> 48611<br \/><\/span><span style=\"font-weight: 400;\"><br \/><\/span><span style=\"font-weight: 400;\">Bem-vindo ao M\u00e9dico na Net! Sou o Dr. Igor Faria e vejo a medicina como um compromisso de proximidade, onde cada paciente merece ser ouvido e cuidado com aten\u00e7\u00e3o. <\/span><\/p><p>Desde o in\u00edcio da minha carreira, sempre me fascinou a possibilidade de fazer a diferen\u00e7a, seja na preven\u00e7\u00e3o, na urg\u00eancia ou no acompanhamento a longo prazo.<br \/>Acredito que a medicina deve ser acess\u00edvel e centrada na pessoa, com uma abordagem emp\u00e1tica e integrativa.<\/p>\t\t\t\t\t\t\t\t<\/div>\n\t\t\t\t<div class=\"elementor-element elementor-element-7701174 elementor-align-center elementor-widget elementor-widget-button\" data-id=\"7701174\" data-element_type=\"widget\" data-e-type=\"widget\" data-widget_type=\"button.default\">\n\t\t\t\t\t\t\t\t\t\t<a class=\"elementor-button elementor-button-link elementor-size-sm\" href=\"#elementor-action%3Aaction%3Dpopup%3Aopen%26settings%3DeyJpZCI6IjE4NTAxIiwidG9nZ2xlIjpmYWxzZX0%3D\">\n\t\t\t\t\t\t<span class=\"elementor-button-content-wrapper\">\n\t\t\t\t\t\t\t\t\t<span class=\"elementor-button-text\">Saiba mais sobre o<br>Dr. Igor Faria<\/span>\n\t\t\t\t\t<\/span>\n\t\t\t\t\t<\/a>\n\t\t\t\t\t\t\t\t<\/div>\n\t\t\t\t<\/div>\n\t\t\t\t\t<\/div>\n\t\t\t\t<\/div>\n\t\t\t\t\t\t\t\t<\/div>\n\t\t\t\t\t\t\t\t\t\t\t<div class=\"swiper-slide\" data-slide=\"2\" role=\"group\" aria-roledescription=\"slide\" aria-label=\"2 of 7\">\n\t\t\t\t\t\t\t<div class=\"elementor-element elementor-element-6d8755d e-flex e-con-boxed e-con e-child\" data-id=\"6d8755d\" data-element_type=\"container\" data-e-type=\"container\">\n\t\t\t\t\t<div class=\"e-con-inner\">\n\t\t<div class=\"elementor-element elementor-element-5ce5512 e-con-full e-flex e-con e-child\" data-id=\"5ce5512\" data-element_type=\"container\" data-e-type=\"container\" data-settings=\"{&quot;background_background&quot;:&quot;classic&quot;}\">\n\t\t\t\t<div class=\"elementor-element elementor-element-e36c2f1 elementor-widget elementor-widget-image\" data-id=\"e36c2f1\" data-element_type=\"widget\" data-e-type=\"widget\" data-widget_type=\"image.default\">\n\t\t\t\t\t\t\t\t\t\t\t\t\t\t\t<img decoding=\"async\" width=\"500\" height=\"500\" src=\"https:\/\/staging.mediconanet.pt\/wp-content\/uploads\/2025\/03\/dra-alexandra-medico-na-net.jpg\" class=\"attachment-full size-full wp-image-18592\" alt=\"\" srcset=\"https:\/\/staging.mediconanet.pt\/wp-content\/uploads\/2025\/03\/dra-alexandra-medico-na-net.jpg 500w, https:\/\/staging.mediconanet.pt\/wp-content\/uploads\/2025\/03\/dra-alexandra-medico-na-net-300x300.jpg 300w, https:\/\/staging.mediconanet.pt\/wp-content\/uploads\/2025\/03\/dra-alexandra-medico-na-net-150x150.jpg 150w, https:\/\/staging.mediconanet.pt\/wp-content\/uploads\/2025\/03\/dra-alexandra-medico-na-net-12x12.jpg 12w, https:\/\/staging.mediconanet.pt\/wp-content\/uploads\/2025\/03\/dra-alexandra-medico-na-net-100x100.jpg 100w\" sizes=\"(max-width: 500px) 100vw, 500px\" \/>\t\t\t\t\t\t\t\t\t\t\t\t\t\t\t<\/div>\n\t\t\t\t<div class=\"elementor-element elementor-element-aeb2322 elementor-widget elementor-widget-heading\" data-id=\"aeb2322\" data-element_type=\"widget\" data-e-type=\"widget\" data-widget_type=\"heading.default\">\n\t\t\t\t\t<h2 class=\"elementor-heading-title elementor-size-default\">Dra. Alexandra Azevedo\n<\/h2>\t\t\t\t<\/div>\n\t\t\t\t<div class=\"elementor-element elementor-element-e043dd5 elementor-widget elementor-widget-text-editor\" data-id=\"e043dd5\" data-element_type=\"widget\" data-e-type=\"widget\" data-widget_type=\"text-editor.default\">\n\t\t\t\t\t\t\t\t\t<p><span style=\"font-weight: 400;\"><strong>Forma\u00e7\u00e3o:<\/strong> Universidade de Barcelona<\/span><span style=\"font-weight: 400;\"><br \/><\/span><span style=\"font-weight: 400;\"><strong>N\u00ba ordem dos m\u00e9dicos:<\/strong> 71409<\/span><span style=\"font-weight: 400;\"><br \/><\/span><span style=\"font-weight: 400;\"><br \/><\/span><span style=\"font-weight: 400;\">Bem-vindo ao M\u00e9dico na Net! Sou a Dra. Alexandra Azevedo e a minha miss\u00e3o \u00e9 ajud\u00e1-lo a alcan\u00e7ar um equil\u00edbrio entre a sa\u00fade f\u00edsica e mental. Acredito que a preven\u00e7\u00e3o \u00e9 a chave para o bem-estar e, por isso, foco-me em oferecer um acompanhamento m\u00e9dico integrado, atento \u00e0s suas necessidades individuais. Para mim, ser m\u00e9dica significa estar presente nos momentos importantes da vida dos meus pacientes, desde a preven\u00e7\u00e3o at\u00e9 ao apoio em fases mais desafiantes.<br \/><\/span><span style=\"font-weight: 400;\">Se procura um acompanhamento m\u00e9dico pr\u00f3ximo e eficaz, estou aqui para ajudar.<\/span><\/p>\t\t\t\t\t\t\t\t<\/div>\n\t\t\t\t<div class=\"elementor-element elementor-element-165d08b elementor-align-center elementor-widget elementor-widget-button\" data-id=\"165d08b\" data-element_type=\"widget\" data-e-type=\"widget\" data-widget_type=\"button.default\">\n\t\t\t\t\t\t\t\t\t\t<a class=\"elementor-button elementor-button-link elementor-size-sm\" href=\"#elementor-action%3Aaction%3Dpopup%3Aopen%26settings%3DeyJpZCI6IjE4NDI5IiwidG9nZ2xlIjpmYWxzZX0%3D\">\n\t\t\t\t\t\t<span class=\"elementor-button-content-wrapper\">\n\t\t\t\t\t\t\t\t\t<span class=\"elementor-button-text\">Saiba mais sobre a <br>Dra. Alexandra Azevedo<\/span>\n\t\t\t\t\t<\/span>\n\t\t\t\t\t<\/a>\n\t\t\t\t\t\t\t\t<\/div>\n\t\t\t\t<\/div>\n\t\t\t\t\t<\/div>\n\t\t\t\t<\/div>\n\t\t\t\t\t\t\t\t<\/div>\n\t\t\t\t\t\t\t\t\t\t\t<div class=\"swiper-slide\" data-slide=\"3\" role=\"group\" aria-roledescription=\"slide\" aria-label=\"3 of 7\">\n\t\t\t\t\t\t\t<div class=\"elementor-element elementor-element-c95c996 e-flex e-con-boxed e-con e-child\" data-id=\"c95c996\" data-element_type=\"container\" data-e-type=\"container\">\n\t\t\t\t\t<div class=\"e-con-inner\">\n\t\t<div class=\"elementor-element elementor-element-9e8535c e-con-full e-flex e-con e-child\" data-id=\"9e8535c\" data-element_type=\"container\" data-e-type=\"container\" data-settings=\"{&quot;background_background&quot;:&quot;classic&quot;}\">\n\t\t\t\t<div class=\"elementor-element elementor-element-51ae73c elementor-widget elementor-widget-image\" data-id=\"51ae73c\" data-element_type=\"widget\" data-e-type=\"widget\" data-widget_type=\"image.default\">\n\t\t\t\t\t\t\t\t\t\t\t\t\t\t\t<img decoding=\"async\" width=\"600\" height=\"600\" src=\"https:\/\/staging.mediconanet.pt\/wp-content\/uploads\/2025\/03\/admin-ajax.jpg\" class=\"attachment-large size-large wp-image-18441\" alt=\"\" srcset=\"https:\/\/staging.mediconanet.pt\/wp-content\/uploads\/2025\/03\/admin-ajax.jpg 600w, https:\/\/staging.mediconanet.pt\/wp-content\/uploads\/2025\/03\/admin-ajax-300x300.jpg 300w, https:\/\/staging.mediconanet.pt\/wp-content\/uploads\/2025\/03\/admin-ajax-150x150.jpg 150w, https:\/\/staging.mediconanet.pt\/wp-content\/uploads\/2025\/03\/admin-ajax-12x12.jpg 12w, https:\/\/staging.mediconanet.pt\/wp-content\/uploads\/2025\/03\/admin-ajax-100x100.jpg 100w\" sizes=\"(max-width: 600px) 100vw, 600px\" \/>\t\t\t\t\t\t\t\t\t\t\t\t\t\t\t<\/div>\n\t\t\t\t<div class=\"elementor-element elementor-element-f804506 elementor-widget elementor-widget-heading\" data-id=\"f804506\" data-element_type=\"widget\" data-e-type=\"widget\" data-widget_type=\"heading.default\">\n\t\t\t\t\t<h2 class=\"elementor-heading-title elementor-size-default\">Dra. Mafalda Morais<\/h2>\t\t\t\t<\/div>\n\t\t\t\t<div class=\"elementor-element elementor-element-ffce94a elementor-widget elementor-widget-text-editor\" data-id=\"ffce94a\" data-element_type=\"widget\" data-e-type=\"widget\" data-widget_type=\"text-editor.default\">\n\t\t\t\t\t\t\t\t\t<p><span style=\"font-weight: 400;\"><strong>Forma\u00e7\u00e3o:<\/strong> Universidade de<br \/>Santiago de Compostela<br \/><\/span><span style=\"font-weight: 400;\"><strong>N\u00ba ordem dos m\u00e9dicos:<\/strong> 57192<\/span><span style=\"font-weight: 400;\"><br \/><\/span><span style=\"font-weight: 400;\"><br \/><\/span><span style=\"font-weight: 400;\">Bem-vindo ao M\u00e9dico na Net! Sou a Dra. Mafalda e sempre tive a paix\u00e3o pela medicina e pelo impacto positivo que ela pode ter na vida das pessoas. <br \/>Acredito que um acompanhamento m\u00e9dico deve ser acess\u00edvel, preciso e confi\u00e1vel, respeitando sempre a individualidade de cada paciente. <br \/><br \/>Com uma abordagem emp\u00e1tica e humanizada, estou aqui para ajud\u00e1-lo a cuidar da sua sa\u00fade de forma completa e personalizada.<\/span><\/p>\t\t\t\t\t\t\t\t<\/div>\n\t\t\t\t<div class=\"elementor-element elementor-element-c3d6018 elementor-align-center elementor-widget elementor-widget-button\" data-id=\"c3d6018\" data-element_type=\"widget\" data-e-type=\"widget\" data-widget_type=\"button.default\">\n\t\t\t\t\t\t\t\t\t\t<a class=\"elementor-button elementor-button-link elementor-size-sm\" href=\"#elementor-action%3Aaction%3Dpopup%3Aopen%26settings%3DeyJpZCI6IjE4NTI3IiwidG9nZ2xlIjpmYWxzZX0%3D\">\n\t\t\t\t\t\t<span class=\"elementor-button-content-wrapper\">\n\t\t\t\t\t\t\t\t\t<span class=\"elementor-button-text\">Saiba mais sobre a <br>Dra. Mafalda<\/span>\n\t\t\t\t\t<\/span>\n\t\t\t\t\t<\/a>\n\t\t\t\t\t\t\t\t<\/div>\n\t\t\t\t<\/div>\n\t\t\t\t\t<\/div>\n\t\t\t\t<\/div>\n\t\t\t\t\t\t\t\t<\/div>\n\t\t\t\t\t\t\t\t\t\t\t<div class=\"swiper-slide\" data-slide=\"4\" role=\"group\" aria-roledescription=\"slide\" aria-label=\"4 of 7\">\n\t\t\t\t\t\t\t<div class=\"elementor-element elementor-element-018648f e-flex e-con-boxed e-con e-child\" data-id=\"018648f\" data-element_type=\"container\" data-e-type=\"container\">\n\t\t\t\t\t<div class=\"e-con-inner\">\n\t\t<div class=\"elementor-element elementor-element-61b9ef7 e-con-full e-flex e-con e-child\" data-id=\"61b9ef7\" data-element_type=\"container\" data-e-type=\"container\" data-settings=\"{&quot;background_background&quot;:&quot;classic&quot;}\">\n\t\t\t\t<div class=\"elementor-element elementor-element-8430c3c elementor-widget elementor-widget-image\" data-id=\"8430c3c\" data-element_type=\"widget\" data-e-type=\"widget\" data-widget_type=\"image.default\">\n\t\t\t\t\t\t\t\t\t\t\t\t\t\t\t<img loading=\"lazy\" decoding=\"async\" width=\"800\" height=\"800\" src=\"https:\/\/staging.mediconanet.pt\/wp-content\/uploads\/2025\/04\/dra-joana-1024x1024.jpg\" class=\"attachment-large size-large wp-image-20838\" alt=\"\" srcset=\"https:\/\/staging.mediconanet.pt\/wp-content\/uploads\/2025\/04\/dra-joana-1024x1024.jpg 1024w, https:\/\/staging.mediconanet.pt\/wp-content\/uploads\/2025\/04\/dra-joana-300x300.jpg 300w, https:\/\/staging.mediconanet.pt\/wp-content\/uploads\/2025\/04\/dra-joana-150x150.jpg 150w, https:\/\/staging.mediconanet.pt\/wp-content\/uploads\/2025\/04\/dra-joana-768x768.jpg 768w, https:\/\/staging.mediconanet.pt\/wp-content\/uploads\/2025\/04\/dra-joana-12x12.jpg 12w, https:\/\/staging.mediconanet.pt\/wp-content\/uploads\/2025\/04\/dra-joana-600x600.jpg 600w, https:\/\/staging.mediconanet.pt\/wp-content\/uploads\/2025\/04\/dra-joana-100x100.jpg 100w, https:\/\/staging.mediconanet.pt\/wp-content\/uploads\/2025\/04\/dra-joana.jpg 1200w\" sizes=\"(max-width: 800px) 100vw, 800px\" \/>\t\t\t\t\t\t\t\t\t\t\t\t\t\t\t<\/div>\n\t\t\t\t<div class=\"elementor-element elementor-element-1c885ff elementor-widget elementor-widget-heading\" data-id=\"1c885ff\" data-element_type=\"widget\" data-e-type=\"widget\" data-widget_type=\"heading.default\">\n\t\t\t\t\t<h2 class=\"elementor-heading-title elementor-size-default\">Dra. Joana Ara\u00fajo\n<\/h2>\t\t\t\t<\/div>\n\t\t\t\t<div class=\"elementor-element elementor-element-8f51d62 elementor-widget elementor-widget-text-editor\" data-id=\"8f51d62\" data-element_type=\"widget\" data-e-type=\"widget\" data-widget_type=\"text-editor.default\">\n\t\t\t\t\t\t\t\t\t<p><span style=\"font-weight: 400;\"><strong>Forma\u00e7\u00e3o:<\/strong> Faculdade de Medicina da Universidade do Porto<br \/><strong>N\u00ba ordem dos m\u00e9dicos:<\/strong> 66841<\/span><\/p><p><span style=\"font-weight: 400;\">Ol\u00e1 e bem-vindo ao M\u00e9dico na Net! Sou a Dra. Joana Ara\u00fajo, m\u00e9dica com forma\u00e7\u00e3o em Medicina Geral e Familiar e com especializa\u00e7\u00f5es em Nutri\u00e7\u00e3o Cl\u00ednica e Medicina Desportiva. Desde jovem que me fascina a ci\u00eancia e o funcionamento do corpo humano, mas foi o desejo de ajudar o outro que me levou a escolher a medicina. Acredito que cada pessoa tem uma hist\u00f3ria \u00fanica e merece um acompanhamento atento, humano e baseado na melhor evid\u00eancia cient\u00edfica.<\/span><\/p>\t\t\t\t\t\t\t\t<\/div>\n\t\t\t\t<div class=\"elementor-element elementor-element-51fb398 elementor-align-center elementor-widget elementor-widget-button\" data-id=\"51fb398\" data-element_type=\"widget\" data-e-type=\"widget\" data-widget_type=\"button.default\">\n\t\t\t\t\t\t\t\t\t\t<a class=\"elementor-button elementor-button-link elementor-size-sm\" href=\"#elementor-action%3Aaction%3Dpopup%3Aopen%26settings%3DeyJpZCI6IjIwODQzIiwidG9nZ2xlIjpmYWxzZX0%3D\">\n\t\t\t\t\t\t<span class=\"elementor-button-content-wrapper\">\n\t\t\t\t\t\t\t\t\t<span class=\"elementor-button-text\">Saiba mais sobre a <br>Dra. Joana Ara\u00fajo<\/span>\n\t\t\t\t\t<\/span>\n\t\t\t\t\t<\/a>\n\t\t\t\t\t\t\t\t<\/div>\n\t\t\t\t<\/div>\n\t\t\t\t\t<\/div>\n\t\t\t\t<\/div>\n\t\t\t\t\t\t\t\t<\/div>\n\t\t\t\t\t\t\t\t\t\t\t<div class=\"swiper-slide\" data-slide=\"5\" role=\"group\" aria-roledescription=\"slide\" aria-label=\"5 of 7\">\n\t\t\t\t\t\t\t<div class=\"elementor-element elementor-element-55e2e83 e-flex e-con-boxed e-con e-child\" data-id=\"55e2e83\" data-element_type=\"container\" data-e-type=\"container\">\n\t\t\t\t\t<div class=\"e-con-inner\">\n\t\t<div class=\"elementor-element elementor-element-d54b0b0 e-con-full e-flex e-con e-child\" data-id=\"d54b0b0\" data-element_type=\"container\" data-e-type=\"container\" data-settings=\"{&quot;background_background&quot;:&quot;classic&quot;}\">\n\t\t\t\t<div class=\"elementor-element elementor-element-132a692 elementor-widget elementor-widget-image\" data-id=\"132a692\" data-element_type=\"widget\" data-e-type=\"widget\" data-widget_type=\"image.default\">\n\t\t\t\t\t\t\t\t\t\t\t\t\t\t\t<img loading=\"lazy\" decoding=\"async\" width=\"800\" height=\"800\" src=\"https:\/\/staging.mediconanet.pt\/wp-content\/uploads\/2025\/07\/dra-margarida-1.jpg\" class=\"attachment-large size-large wp-image-31392\" alt=\"\" srcset=\"https:\/\/staging.mediconanet.pt\/wp-content\/uploads\/2025\/07\/dra-margarida-1.jpg 1000w, https:\/\/staging.mediconanet.pt\/wp-content\/uploads\/2025\/07\/dra-margarida-1-300x300.jpg 300w, https:\/\/staging.mediconanet.pt\/wp-content\/uploads\/2025\/07\/dra-margarida-1-150x150.jpg 150w, https:\/\/staging.mediconanet.pt\/wp-content\/uploads\/2025\/07\/dra-margarida-1-768x768.jpg 768w, https:\/\/staging.mediconanet.pt\/wp-content\/uploads\/2025\/07\/dra-margarida-1-12x12.jpg 12w, https:\/\/staging.mediconanet.pt\/wp-content\/uploads\/2025\/07\/dra-margarida-1-600x600.jpg 600w, https:\/\/staging.mediconanet.pt\/wp-content\/uploads\/2025\/07\/dra-margarida-1-100x100.jpg 100w\" sizes=\"(max-width: 800px) 100vw, 800px\" \/>\t\t\t\t\t\t\t\t\t\t\t\t\t\t\t<\/div>\n\t\t\t\t<div class=\"elementor-element elementor-element-fd05187 elementor-widget elementor-widget-heading\" data-id=\"fd05187\" data-element_type=\"widget\" data-e-type=\"widget\" data-widget_type=\"heading.default\">\n\t\t\t\t\t<h2 class=\"elementor-heading-title elementor-size-default\">Dra. Margarida Costa\n<\/h2>\t\t\t\t<\/div>\n\t\t\t\t<div class=\"elementor-element elementor-element-f8d4e82 elementor-widget elementor-widget-text-editor\" data-id=\"f8d4e82\" data-element_type=\"widget\" data-e-type=\"widget\" data-widget_type=\"text-editor.default\">\n\t\t\t\t\t\t\t\t\t<p><span style=\"font-weight: 400;\"><strong>Forma\u00e7\u00e3o:<\/strong> Faculdade de Medicina da Universidade do Porto<br \/><strong>N\u00ba ordem dos m\u00e9dicos:<\/strong> 69153<\/span><\/p><p><span style=\"font-weight: 400;\">Ol\u00e1 e bem-vindo ao M\u00e9dico na Net! Sou a Dra. Margarida Costa, m\u00e9dica de fam\u00edlia, e vejo a medicina como uma combina\u00e7\u00e3o entre ci\u00eancia, cuidado e humanidade. Acredito que cada pessoa merece um acompanhamento m\u00e9dico verdadeiramente personalizado, ajustado \u00e0s suas necessidades e expectativas. O meu compromisso \u00e9 tornar os cuidados de sa\u00fade acess\u00edveis e humanos, com uma abordagem integrada que valoriza a preven\u00e7\u00e3o e a proximidade.<\/span><\/p>\t\t\t\t\t\t\t\t<\/div>\n\t\t\t\t<div class=\"elementor-element elementor-element-e492bbc elementor-align-center elementor-widget elementor-widget-button\" data-id=\"e492bbc\" data-element_type=\"widget\" data-e-type=\"widget\" data-widget_type=\"button.default\">\n\t\t\t\t\t\t\t\t\t\t<a class=\"elementor-button elementor-button-link elementor-size-sm\" href=\"#elementor-action%3Aaction%3Dpopup%3Aopen%26settings%3DeyJpZCI6IjMxMzg2IiwidG9nZ2xlIjpmYWxzZX0%3D\">\n\t\t\t\t\t\t<span class=\"elementor-button-content-wrapper\">\n\t\t\t\t\t\t\t\t\t<span class=\"elementor-button-text\">Saiba mais sobre a <br>Dra. Margarida Costa<\/span>\n\t\t\t\t\t<\/span>\n\t\t\t\t\t<\/a>\n\t\t\t\t\t\t\t\t<\/div>\n\t\t\t\t<\/div>\n\t\t\t\t\t<\/div>\n\t\t\t\t<\/div>\n\t\t\t\t\t\t\t\t<\/div>\n\t\t\t\t\t\t\t\t\t\t\t<div class=\"swiper-slide\" data-slide=\"6\" role=\"group\" aria-roledescription=\"slide\" aria-label=\"6 of 7\">\n\t\t\t\t\t\t\t<div class=\"elementor-element elementor-element-0e69156 e-flex e-con-boxed e-con e-child\" data-id=\"0e69156\" data-element_type=\"container\" data-e-type=\"container\">\n\t\t\t\t\t<div class=\"e-con-inner\">\n\t\t<div class=\"elementor-element elementor-element-3c4f11b e-con-full e-flex e-con e-child\" data-id=\"3c4f11b\" data-element_type=\"container\" data-e-type=\"container\" data-settings=\"{&quot;background_background&quot;:&quot;classic&quot;}\">\n\t\t\t\t<div class=\"elementor-element elementor-element-749d4c8 elementor-widget elementor-widget-image\" data-id=\"749d4c8\" data-element_type=\"widget\" data-e-type=\"widget\" data-widget_type=\"image.default\">\n\t\t\t\t\t\t\t\t\t\t\t\t\t\t\t<img loading=\"lazy\" decoding=\"async\" width=\"800\" height=\"800\" src=\"https:\/\/staging.mediconanet.pt\/wp-content\/uploads\/2025\/07\/dra-sara-1.jpg\" class=\"attachment-large size-large wp-image-31404\" alt=\"\" srcset=\"https:\/\/staging.mediconanet.pt\/wp-content\/uploads\/2025\/07\/dra-sara-1.jpg 900w, https:\/\/staging.mediconanet.pt\/wp-content\/uploads\/2025\/07\/dra-sara-1-300x300.jpg 300w, https:\/\/staging.mediconanet.pt\/wp-content\/uploads\/2025\/07\/dra-sara-1-150x150.jpg 150w, https:\/\/staging.mediconanet.pt\/wp-content\/uploads\/2025\/07\/dra-sara-1-768x768.jpg 768w, https:\/\/staging.mediconanet.pt\/wp-content\/uploads\/2025\/07\/dra-sara-1-12x12.jpg 12w, https:\/\/staging.mediconanet.pt\/wp-content\/uploads\/2025\/07\/dra-sara-1-600x600.jpg 600w, https:\/\/staging.mediconanet.pt\/wp-content\/uploads\/2025\/07\/dra-sara-1-100x100.jpg 100w\" sizes=\"(max-width: 800px) 100vw, 800px\" \/>\t\t\t\t\t\t\t\t\t\t\t\t\t\t\t<\/div>\n\t\t\t\t<div class=\"elementor-element elementor-element-b7a68bf elementor-widget elementor-widget-heading\" data-id=\"b7a68bf\" data-element_type=\"widget\" data-e-type=\"widget\" data-widget_type=\"heading.default\">\n\t\t\t\t\t<h2 class=\"elementor-heading-title elementor-size-default\">Dra. Sara Laureano Alves<\/h2>\t\t\t\t<\/div>\n\t\t\t\t<div class=\"elementor-element elementor-element-915264a elementor-widget elementor-widget-text-editor\" data-id=\"915264a\" data-element_type=\"widget\" data-e-type=\"widget\" data-widget_type=\"text-editor.default\">\n\t\t\t\t\t\t\t\t\t<p><span style=\"font-weight: 400;\"><strong>Forma\u00e7\u00e3o:<\/strong> Faculdade de Medicina da Universidade do Porto<br \/><strong>N\u00ba ordem dos m\u00e9dicos: <\/strong>57720<br \/><\/span><\/p><p><span style=\"font-weight: 400;\">Ol\u00e1 e bem-vindo ao M\u00e9dico na Net! Sou a Dra. Sara Laureano.\u00a0<\/span><span style=\"font-weight: 400;\">Desde cedo senti uma grande curiosidade pelo funcionamento do corpo humano e um profundo desejo de ajudar os outros. A medicina surgiu como uma escolha natural \u2014 uma forma de aliar a ci\u00eancia ao lado humano do cuidar. <\/span><span style=\"font-weight: 400;\">Ao longo da forma\u00e7\u00e3o e da pr\u00e1tica cl\u00ednica, percebi que era na Medicina Geral e Familiar que encontrava esse equil\u00edbrio: a escuta ativa, a proximidade com os utentes e a vis\u00e3o global da pessoa, em todas as fases da vida.<\/span><\/p>\t\t\t\t\t\t\t\t<\/div>\n\t\t\t\t<div class=\"elementor-element elementor-element-828f814 elementor-align-center elementor-widget elementor-widget-button\" data-id=\"828f814\" data-element_type=\"widget\" data-e-type=\"widget\" data-widget_type=\"button.default\">\n\t\t\t\t\t\t\t\t\t\t<a class=\"elementor-button elementor-button-link elementor-size-sm\" href=\"#elementor-action%3Aaction%3Dpopup%3Aopen%26settings%3DeyJpZCI6IjMxNDA1IiwidG9nZ2xlIjpmYWxzZX0%3D\">\n\t\t\t\t\t\t<span class=\"elementor-button-content-wrapper\">\n\t\t\t\t\t\t\t\t\t<span class=\"elementor-button-text\">Saiba mais sobre a <br>Dra. Sara Laureano<\/span>\n\t\t\t\t\t<\/span>\n\t\t\t\t\t<\/a>\n\t\t\t\t\t\t\t\t<\/div>\n\t\t\t\t<\/div>\n\t\t\t\t\t<\/div>\n\t\t\t\t<\/div>\n\t\t\t\t\t\t\t\t<\/div>\n\t\t\t\t\t\t\t\t\t\t\t<div class=\"swiper-slide\" data-slide=\"7\" role=\"group\" aria-roledescription=\"slide\" aria-label=\"7 of 7\">\n\t\t\t\t\t\t\t<div class=\"elementor-element elementor-element-0f01c05 e-flex e-con-boxed e-con e-child\" data-id=\"0f01c05\" data-element_type=\"container\" data-e-type=\"container\">\n\t\t\t\t\t<div class=\"e-con-inner\">\n\t\t<div class=\"elementor-element elementor-element-d23b0fb e-con-full e-flex e-con e-child\" data-id=\"d23b0fb\" data-element_type=\"container\" data-e-type=\"container\" data-settings=\"{&quot;background_background&quot;:&quot;classic&quot;}\">\n\t\t\t\t<div class=\"elementor-element elementor-element-fb64c48 elementor-widget elementor-widget-image\" data-id=\"fb64c48\" data-element_type=\"widget\" data-e-type=\"widget\" data-widget_type=\"image.default\">\n\t\t\t\t\t\t\t\t\t\t\t\t\t\t\t<img loading=\"lazy\" decoding=\"async\" width=\"635\" height=\"635\" src=\"https:\/\/staging.mediconanet.pt\/wp-content\/uploads\/2026\/01\/dra-ana-rita-fernandes-medico-na-net.webp\" class=\"attachment-large size-large wp-image-53072\" alt=\"\" srcset=\"https:\/\/staging.mediconanet.pt\/wp-content\/uploads\/2026\/01\/dra-ana-rita-fernandes-medico-na-net.webp 635w, https:\/\/staging.mediconanet.pt\/wp-content\/uploads\/2026\/01\/dra-ana-rita-fernandes-medico-na-net-300x300.webp 300w, https:\/\/staging.mediconanet.pt\/wp-content\/uploads\/2026\/01\/dra-ana-rita-fernandes-medico-na-net-150x150.webp 150w, https:\/\/staging.mediconanet.pt\/wp-content\/uploads\/2026\/01\/dra-ana-rita-fernandes-medico-na-net-12x12.webp 12w, https:\/\/staging.mediconanet.pt\/wp-content\/uploads\/2026\/01\/dra-ana-rita-fernandes-medico-na-net-600x600.webp 600w, https:\/\/staging.mediconanet.pt\/wp-content\/uploads\/2026\/01\/dra-ana-rita-fernandes-medico-na-net-100x100.webp 100w\" sizes=\"(max-width: 635px) 100vw, 635px\" \/>\t\t\t\t\t\t\t\t\t\t\t\t\t\t\t<\/div>\n\t\t\t\t<div class=\"elementor-element elementor-element-43b955e elementor-widget elementor-widget-heading\" data-id=\"43b955e\" data-element_type=\"widget\" data-e-type=\"widget\" data-widget_type=\"heading.default\">\n\t\t\t\t\t<h2 class=\"elementor-heading-title elementor-size-default\">Dra. Ana Rita Fernandes<\/h2>\t\t\t\t<\/div>\n\t\t\t\t<div class=\"elementor-element elementor-element-0f82d37 elementor-widget elementor-widget-text-editor\" data-id=\"0f82d37\" data-element_type=\"widget\" data-e-type=\"widget\" data-widget_type=\"text-editor.default\">\n\t\t\t\t\t\t\t\t\t<p><span style=\"font-weight: 400;\"><strong>Forma\u00e7\u00e3o:<\/strong> Escola de Medicina da Universidade do Minho <br \/><strong>N\u00ba ordem dos m\u00e9dicos: <\/strong>65652 <br \/><\/span><\/p><p data-start=\"129\" data-end=\"362\">Ol\u00e1! Bem-vindo ao M\u00e9dico na Net!<br data-start=\"161\" data-end=\"164\" \/>Chamo-me Ana Rita Fernandes e sou m\u00e9dica especialista em Medicina Geral e Familiar, bem como Doutoranda no Programa Doutoral de Cuidados Paliativos da Faculdade de Medicina da Universidade do Porto. A paix\u00e3o pela medicina resulta de um fasc\u00ednio intelectual aliado a um forte sentido de prop\u00f3sito humano. A pr\u00e1tica da teleconsulta surge como uma resposta natural \u00e0 evolu\u00e7\u00e3o dos cuidados de sa\u00fade, permitindo uma abordagem m\u00e9dica actualizada, acess\u00edvel e centrada no bem-estar do paciente.<\/p>\t\t\t\t\t\t\t\t<\/div>\n\t\t\t\t<div class=\"elementor-element elementor-element-342764f elementor-align-center elementor-widget elementor-widget-button\" data-id=\"342764f\" data-element_type=\"widget\" data-e-type=\"widget\" data-widget_type=\"button.default\">\n\t\t\t\t\t\t\t\t\t\t<a class=\"elementor-button elementor-button-link elementor-size-sm\" href=\"#elementor-action%3Aaction%3Dpopup%3Aopen%26settings%3DeyJpZCI6IjUzMDY5IiwidG9nZ2xlIjpmYWxzZX0%3D\">\n\t\t\t\t\t\t<span class=\"elementor-button-content-wrapper\">\n\t\t\t\t\t\t\t\t\t<span class=\"elementor-button-text\">Saiba mais sobre a <br>Dra. Ana Rita Fernandes<\/span>\n\t\t\t\t\t<\/span>\n\t\t\t\t\t<\/a>\n\t\t\t\t\t\t\t\t<\/div>\n\t\t\t\t<\/div>\n\t\t\t\t\t<\/div>\n\t\t\t\t<\/div>\n\t\t\t\t\t\t\t\t<\/div>\n\t\t\t\t\t\t\t\t<\/div>\n\t\t<\/div>\n\t\t\t\t\t<div class=\"elementor-swiper-button elementor-swiper-button-prev\" role=\"button\" tabindex=\"0\" aria-label=\"Previous\">\n\t\t\t\t<svg aria-hidden=\"true\" class=\"e-font-icon-svg e-fas-chevron-circle-left\" viewBox=\"0 0 512 512\" xmlns=\"http:\/\/www.w3.org\/2000\/svg\"><path d=\"M256 504C119 504 8 393 8 256S119 8 256 8s248 111 248 248-111 248-248 248zM142.1 273l135.5 135.5c9.4 9.4 24.6 9.4 33.9 0l17-17c9.4-9.4 9.4-24.6 0-33.9L226.9 256l101.6-101.6c9.4-9.4 9.4-24.6 0-33.9l-17-17c-9.4-9.4-24.6-9.4-33.9 0L142.1 239c-9.4 9.4-9.4 24.6 0 34z\"><\/path><\/svg>\t\t\t<\/div>\n\t\t\t<div class=\"elementor-swiper-button elementor-swiper-button-next\" role=\"button\" tabindex=\"0\" aria-label=\"Next\">\n\t\t\t\t<svg aria-hidden=\"true\" class=\"e-font-icon-svg e-fas-chevron-circle-right\" viewBox=\"0 0 512 512\" xmlns=\"http:\/\/www.w3.org\/2000\/svg\"><path d=\"M256 8c137 0 248 111 248 248S393 504 256 504 8 393 8 256 119 8 256 8zm113.9 231L234.4 103.5c-9.4-9.4-24.6-9.4-33.9 0l-17 17c-9.4 9.4-9.4 24.6 0 33.9L285.1 256 183.5 357.6c-9.4 9.4-9.4 24.6 0 33.9l17 17c9.4 9.4 24.6 9.4 33.9 0L369.9 273c9.4-9.4 9.4-24.6 0-34z\"><\/path><\/svg>\t\t\t<\/div>\n\t\t\t\t\t<div class=\"swiper-pagination\"><\/div>\n\t\t\t\t\t\t<\/div>\n\t\t\t\t<div class=\"elementor-element elementor-element-216e049 elementor-grid-3 elementor-grid-tablet-2 elementor-grid-mobile-1 elementor-widget elementor-widget-loop-grid\" data-id=\"216e049\" data-element_type=\"widget\" data-e-type=\"widget\" data-settings=\"{&quot;template_id&quot;:17898,&quot;_skin&quot;:&quot;post&quot;,&quot;columns&quot;:&quot;3&quot;,&quot;columns_tablet&quot;:&quot;2&quot;,&quot;columns_mobile&quot;:&quot;1&quot;,&quot;edit_handle_selector&quot;:&quot;[data-elementor-type=\\&quot;loop-item\\&quot;]&quot;,&quot;row_gap&quot;:{&quot;unit&quot;:&quot;px&quot;,&quot;size&quot;:&quot;&quot;,&quot;sizes&quot;:[]},&quot;row_gap_tablet&quot;:{&quot;unit&quot;:&quot;px&quot;,&quot;size&quot;:&quot;&quot;,&quot;sizes&quot;:[]},&quot;row_gap_mobile&quot;:{&quot;unit&quot;:&quot;px&quot;,&quot;size&quot;:&quot;&quot;,&quot;sizes&quot;:[]}}\" data-widget_type=\"loop-grid.post\">\n\t\t\t\t<div class=\"elementor-widget-container\">\n\t\t\t\t\t\t\t<div class=\"elementor-loop-container elementor-grid\" role=\"list\">\n\t\t<style id=\"loop-17898\"><\/style>\t\t<\/div>\n\t\t\n\t\t\t\t\t\t<\/div>\n\t\t\t\t<\/div>\n\t\t\t\t\t<\/div>\n\t\t\t\t<\/div>\n\t\t\t\t<\/div>\n\t\t","protected":false},"excerpt":{"rendered":"<p>Apaixonados por Medicina.Sempre presentes! Sem call centers, sem respostas autom\u00e1ticas. Sem intelig\u00eancia artificial. Apenas M\u00e9dicos experientes. Trustpilot O site Mediconanet.pt nasce de uma combina\u00e7\u00e3o de experi\u00eancia, percep\u00e7\u00e3o e inova\u00e7\u00e3o. \u00c9 um conceito de servi\u00e7os de sa\u00fade, que j\u00e1 existe em v\u00e1rios pa\u00edses e que agora adaptamos \u00e0 realidade de Portugal. Os fundadores deste projeto acumulam [&hellip;]<\/p>\n","protected":false},"author":1,"featured_media":0,"parent":0,"menu_order":0,"comment_status":"closed","ping_status":"closed","template":"","meta":{"footnotes":""},"class_list":["post-10905","page","type-page","status-publish","hentry"],"jetpack_sharing_enabled":true,"_links":{"self":[{"href":"https:\/\/staging.mediconanet.pt\/en\/wp-json\/wp\/v2\/pages\/10905","targetHints":{"allow":["GET"]}}],"collection":[{"href":"https:\/\/staging.mediconanet.pt\/en\/wp-json\/wp\/v2\/pages"}],"about":[{"href":"https:\/\/staging.mediconanet.pt\/en\/wp-json\/wp\/v2\/types\/page"}],"author":[{"embeddable":true,"href":"https:\/\/staging.mediconanet.pt\/en\/wp-json\/wp\/v2\/users\/1"}],"replies":[{"embeddable":true,"href":"https:\/\/staging.mediconanet.pt\/en\/wp-json\/wp\/v2\/comments?post=10905"}],"version-history":[{"count":10,"href":"https:\/\/staging.mediconanet.pt\/en\/wp-json\/wp\/v2\/pages\/10905\/revisions"}],"predecessor-version":[{"id":59380,"href":"https:\/\/staging.mediconanet.pt\/en\/wp-json\/wp\/v2\/pages\/10905\/revisions\/59380"}],"wp:attachment":[{"href":"https:\/\/staging.mediconanet.pt\/en\/wp-json\/wp\/v2\/media?parent=10905"}],"curies":[{"name":"wp","href":"https:\/\/api.w.org\/{rel}","templated":true}]}}